{"id":6229,"date":"2018-05-22T17:13:46","date_gmt":"2018-05-22T17:13:46","guid":{"rendered":"http:\/\/aceitecsb.com\/comprar\/unkategorisiert\/olivenol-arbequina-oro-de-bailen-2-5-l\/"},"modified":"2026-08-04T07:26:00","modified_gmt":"2026-08-04T07:26:00","slug":"olivenol-arbequina-oro-de-bailen-2-5-l","status":"publish","type":"product","link":"https:\/\/csb.demongrafix.es\/de\/einkaufen\/olivenol-arbequina-oro-de-bailen-2-5-l\/","title":{"rendered":"Oliven\u00f6l arbequina Oro de Bailen 2.5 l"},"content":{"rendered":"<p>Natives Oliven\u00f6l extra aus der Sorte Arbequina von Oro Bailen<\/p>\n<h2>1. Die Eigenschaften des Arbequina-\u00d6ls von Oro Bailen 2.5 l<\/h2>\n<p data-start=\"149\" data-end=\"171\">Produktinformation<\/p>\n<h4 data-start=\"173\" data-end=\"314\">a) Format<\/h4>\n<p data-start=\"173\" data-end=\"314\"><a href=\"https:\/\/aceitecsb.com\/de\/natives-olivenoel-extra\/\"><strong>Natives Oliven\u00f6l extra<\/strong><\/a>, abgef\u00fcllt in einer Metallkanne mit zwei Ausgie\u00dfern, um das Ausgie\u00dfen und Dosieren zu erleichtern.<\/p>\n<h4 data-start=\"316\" data-end=\"565\">b) Eines der besten nativen Oliven\u00f6le Extra (AOVE)<\/h4>\n<p data-start=\"316\" data-end=\"565\">Das <em data-start=\"377\" data-end=\"416\">Oro Bail\u00e9n Reserva Familiar Arbequina<\/em> geh\u00f6rt zu den am h\u00e4ufigsten ausgezeichneten und weltweit anerkannten nativen Oliven\u00f6len extra \u2013 und gilt auch in Spanien als eines der besten.<\/p>\n<p data-start=\"567\" data-end=\"599\"><strong data-start=\"567\" data-end=\"581\">Bewertung:<\/strong> 89 \/ 100 Punkte<\/p>\n<h4 data-start=\"601\" data-end=\"813\">c) Trockenanbau (Regenfeldbau)<\/h4>\n<p data-start=\"601\" data-end=\"813\">Dieses \u00d6l stammt von Olivenb\u00e4umen im Trockenanbau, was ihm eine ausdrucksst\u00e4rkere Pers\u00f6nlichkeit und intensiveren Geschmack im Vergleich zu Bew\u00e4sserungsanbau verleiht.<\/p>\n<h4 data-start=\"815\" data-end=\"1007\">d) Auszeichnungen<\/h4>\n<p data-start=\"815\" data-end=\"1007\">Die nativen Oliven\u00f6le extra von <strong data-start=\"871\" data-end=\"885\">Oro Bail\u00e9n<\/strong> z\u00e4hlen zu den renommiertesten weltweit und gewinnen Jahr f\u00fcr Jahr zahlreiche nationale und internationale Preise.<\/p>\n<h3>2. Allgemeine Informationen<\/h3>\n<p>Zone: Spanien<\/p>\n<p>Menge: 2,5 l<\/p>\n<p>Hersteller: Galg\u00f3n 99 S.L.<\/p>\n<p>Herkunft der Genossenschaft: Bailen, Ja\u00e9n<\/p>\n<h4>a) N\u00e4hrwertangaben:<\/h4>\n<p>Wert pro 100 g<\/p>\n<p>Energiewert: 3380 KJ\/823 Kcal<\/p>\n<p>Fett: 91,1 g<\/p>\n<ul>\n<li>davon ges\u00e4ttigt: 18,9 g<\/li>\n<li>Einfach unges\u00e4ttigt: 79 g<\/li>\n<li>Mehrfach unges\u00e4ttigt: 8 g<\/li>\n<\/ul>\n<p>Kohlenhydrate: 0,0 g<\/p>\n<ul>\n<li>davon Zucker: 0,0 g<\/li>\n<\/ul>\n<p>Eiwei\u00df: 0,0 g<\/p>\n<p>Salz: 0,0 g<\/p>\n<h4>b) Gesundheits-Registrierungsnummer<\/h4>\n<p>16.00149\/TO<\/p>\n<h4>c) Weitere Informationen<\/h4>\n<p>Das natives Oliven\u00f6l extra verliert mit Licht, Temperatur und Sauerstoff an Qualit\u00e4t, deshalb m\u00fcssen wir die Flasche nach dem Kauf konsumieren und nach dem \u00d6ffnen konsumieren. Es sollte an einem k\u00fchlen Ort und au\u00dferhalb einer Lichtquelle aufbewahrt werden.<\/p>\n<p>Mehr Information \u00fcber<a href=\"https:\/\/www.orobailen.com\/de\"> Oro Bailen<\/a> hier.<\/p>\n","protected":false},"excerpt":{"rendered":"<p>Natives Oliven\u00f6l extra der Sorte Arbequina von Oro Bail\u00e9n Reserva Familiar, abgef\u00fcllt in einer praktischen Metallkanne mit zwei Ausgie\u00dfern f\u00fcr leichtes Dosieren. Aus Olivenb\u00e4umen im Trockenanbau f\u00fcr einen ausdrucksstarken, intensiven Geschmack (89\/100 Punkte). Eines der meistausgezeichneten Oliven\u00f6le weltweit.<br \/>\nNettogewicht: 2,5 l. Herkunft: Bail\u00e9n, Ja\u00e9n, Spanien.<\/p>\n","protected":false},"featured_media":4694,"comment_status":"open","ping_status":"closed","template":"","meta":{"_acf_changed":false},"origen":[457],"variedad":[466],"product_brand":[],"product_cat":[249],"product_tag":[],"class_list":["post-6229","product","type-product","status-publish","has-post-thumbnail","origen-jaen","variedad-arbequina","product_cat-natives-olivenol-extra","first","instock","taxable","shipping-taxable","purchasable","product-type-simple"],"acf":[],"_links":{"self":[{"href":"https:\/\/csb.demongrafix.es\/de\/wp-json\/wp\/v2\/product\/6229","targetHints":{"allow":["GET"]}}],"collection":[{"href":"https:\/\/csb.demongrafix.es\/de\/wp-json\/wp\/v2\/product"}],"about":[{"href":"https:\/\/csb.demongrafix.es\/de\/wp-json\/wp\/v2\/types\/product"}],"replies":[{"embeddable":true,"href":"https:\/\/csb.demongrafix.es\/de\/wp-json\/wp\/v2\/comments?post=6229"}],"wp:featuredmedia":[{"embeddable":true,"href":"https:\/\/csb.demongrafix.es\/de\/wp-json\/wp\/v2\/media\/4694"}],"wp:attachment":[{"href":"https:\/\/csb.demongrafix.es\/de\/wp-json\/wp\/v2\/media?parent=6229"}],"wp:term":[{"taxonomy":"origen","embeddable":true,"href":"https:\/\/csb.demongrafix.es\/de\/wp-json\/wp\/v2\/origen?post=6229"},{"taxonomy":"variedad","embeddable":true,"href":"https:\/\/csb.demongrafix.es\/de\/wp-json\/wp\/v2\/variedad?post=6229"},{"taxonomy":"product_brand","embeddable":true,"href":"https:\/\/csb.demongrafix.es\/de\/wp-json\/wp\/v2\/product_brand?post=6229"},{"taxonomy":"product_cat","embeddable":true,"href":"https:\/\/csb.demongrafix.es\/de\/wp-json\/wp\/v2\/product_cat?post=6229"},{"taxonomy":"product_tag","embeddable":true,"href":"https:\/\/csb.demongrafix.es\/de\/wp-json\/wp\/v2\/product_tag?post=6229"}],"curies":[{"name":"wp","href":"https:\/\/api.w.org\/{rel}","templated":true}]}}