{"id":6228,"date":"2018-05-22T17:16:32","date_gmt":"2018-05-22T17:16:32","guid":{"rendered":"http:\/\/aceitecsb.com\/comprar\/unkategorisiert\/olivenol-arbequina-castillo-de-canena-500-ml\/"},"modified":"2026-08-04T07:26:00","modified_gmt":"2026-08-04T07:26:00","slug":"olivenol-arbequina-castillo-de-canena-500-ml","status":"publish","type":"product","link":"https:\/\/csb.demongrafix.es\/de\/einkaufen\/olivenol-arbequina-castillo-de-canena-500-ml\/","title":{"rendered":"Oliven\u00f6l Arbequina Castillo de Canena 500 ml"},"content":{"rendered":"<p>Natives Oliven\u00f6l extra aus der Sorte Arbequina<\/p>\n<p>Familienreservat<\/p>\n<h2>1. Die Eigenschaften des Arbequina-\u00d6ls von Castillo de Canena<\/h2>\n<p data-start=\"145\" data-end=\"174\">Produktinformation<\/p>\n<h4 data-start=\"176\" data-end=\"192\">a) Format<\/h4>\n<p data-start=\"193\" data-end=\"335\"><a href=\"https:\/\/aceitecsb.com\/de\/natives-olivenoel-extra\/\">Natives Oliven\u00f6l extra<\/a> \u2013 abgef\u00fcllt in einer dunklen Design-Glasflasche, deren \u00e4sthetisches Erscheinungsbild jedes Jahr variiert.<\/p>\n<h4 data-start=\"337\" data-end=\"382\">b) Eines der besten Oliven\u00f6le der Welt<\/h4>\n<p data-start=\"383\" data-end=\"642\">Das Castillo de Canena Reserva Familiar Natives Oliven\u00f6l Extra, Sorte Arbequina, z\u00e4hlt laut zahlreichen Experten und Spitzenk\u00f6chen weltweit zu den besten Oliven\u00f6len der Welt.<\/p>\n<p data-start=\"383\" data-end=\"642\">Man findet es in den renommiertesten Hotels und Restaurants.<\/p>\n<p data-start=\"644\" data-end=\"718\">Kaltgepresst, um alle Aromen und N\u00e4hrstoffe vollst\u00e4ndig zu bewahren.<\/p>\n<h4 data-start=\"720\" data-end=\"745\">c) 100 % Arbequina<\/h4>\n<p data-start=\"746\" data-end=\"842\">Ein sortenreines Oliven\u00f6l Extra Vergine, gewonnen ausschlie\u00dflich aus Arbequina-Oliven.<\/p>\n<h4 data-start=\"844\" data-end=\"899\">d) Olivenhaine im Trocken- und Bew\u00e4sserungsanbau<\/h4>\n<p data-start=\"900\" data-end=\"1050\">Das \u00d6l stammt aus Olivenhainen mit Trocken- und Bew\u00e4sserungsanbau, was ihm eine perfekte Balance zwischen Intensit\u00e4t und Sanftheit verleiht.<\/p>\n<h4 data-start=\"1052\" data-end=\"1072\">e) Neue Ernte<\/h4>\n<p data-start=\"1073\" data-end=\"1202\">Die neue Ernte trifft Anfang Dezember ein \u2013 der ideale Zeitpunkt, um den frischen Geschmack der Saison zu genie\u00dfen.<\/p>\n<h3>2. Allgemeine Informationen<\/h3>\n<p>Zone: Spanien<\/p>\n<p>Menge: 500 ml<\/p>\n<p>Produktionsfirma: Castillo de Canena Olive Juice SL<\/p>\n<p>Herkunft der Genossenschaft: Canens, Ja\u00e9n<\/p>\n<h4>a) N\u00e4hrwertangaben:<\/h4>\n<p>Wert pro 100 g<\/p>\n<p>Energiewert: 3766 KJ\/900 Kcal<\/p>\n<p>Fett: 100 g<\/p>\n<ul>\n<li>davon ges\u00e4ttigt: 15 g<\/li>\n<li>Einfach unges\u00e4ttigt: 75 g<\/li>\n<li>Mehrfach unges\u00e4ttigt: 10 g<\/li>\n<\/ul>\n<p>Kohlenhydrate: 0,0 g<\/p>\n<ul>\n<li>davon Zucker: 0,0 g<\/li>\n<\/ul>\n<p>Eiwei\u00df: 0,0 g<\/p>\n<p>Salz: 0,0 g<\/p>\n<h4>b) Gesundheits-Registrierungsnummer<\/h4>\n<p>16.0003300\/J<\/p>\n<h4>c) Weitere Informationen<\/h4>\n<p>Das natives Oliven\u00f6l extra verliert mit Licht, Temperatur und Sauerstoff an Qualit\u00e4t, deshalb m\u00fcssen wir die Flasche nach dem Kauf konsumieren und nach dem \u00d6ffnen konsumieren. Es sollte an einem k\u00fchlen Ort und au\u00dferhalb einer Lichtquelle aufbewahrt werden.<\/p>\n<p>F\u00fcr weitere Informationen \u00fcber die \u00d6lm\u00fchle und das Oliven\u00f6l k\u00f6nnen Sie die folgende Website besuchen: <a href=\"https:\/\/www.castillodecanena.com\/de\/\">Castillo de Canena.<\/a><\/p>\n","protected":false},"excerpt":{"rendered":"<p>Natives Oliven\u00f6l extra der Sorte Arbequina von Castillo de Canena, Reserva Familiar, kaltgepresst zur vollst\u00e4ndigen Bewahrung aller Aromen und N\u00e4hrstoffe. Von Experten und Spitzenk\u00f6chen weltweit zu den besten Oliven\u00f6len der Welt gez\u00e4hlt und in renommierten Hotels und Restaurants zu finden. Sortenrein aus 100 % Arbequina, in dunkler Design-Glasflasche.<br \/>\nNettogewicht: 500 ml. Herkunft: Canena, Ja\u00e9n, Spanien.<\/p>\n","protected":false},"featured_media":4699,"comment_status":"open","ping_status":"closed","template":"","meta":{"_acf_changed":false},"origen":[457],"variedad":[466],"product_brand":[],"product_cat":[249],"product_tag":[],"class_list":["post-6228","product","type-product","status-publish","has-post-thumbnail","origen-jaen","variedad-arbequina","product_cat-natives-olivenol-extra","first","instock","taxable","shipping-taxable","purchasable","product-type-simple"],"acf":[],"_links":{"self":[{"href":"https:\/\/csb.demongrafix.es\/de\/wp-json\/wp\/v2\/product\/6228","targetHints":{"allow":["GET"]}}],"collection":[{"href":"https:\/\/csb.demongrafix.es\/de\/wp-json\/wp\/v2\/product"}],"about":[{"href":"https:\/\/csb.demongrafix.es\/de\/wp-json\/wp\/v2\/types\/product"}],"replies":[{"embeddable":true,"href":"https:\/\/csb.demongrafix.es\/de\/wp-json\/wp\/v2\/comments?post=6228"}],"wp:featuredmedia":[{"embeddable":true,"href":"https:\/\/csb.demongrafix.es\/de\/wp-json\/wp\/v2\/media\/4699"}],"wp:attachment":[{"href":"https:\/\/csb.demongrafix.es\/de\/wp-json\/wp\/v2\/media?parent=6228"}],"wp:term":[{"taxonomy":"origen","embeddable":true,"href":"https:\/\/csb.demongrafix.es\/de\/wp-json\/wp\/v2\/origen?post=6228"},{"taxonomy":"variedad","embeddable":true,"href":"https:\/\/csb.demongrafix.es\/de\/wp-json\/wp\/v2\/variedad?post=6228"},{"taxonomy":"product_brand","embeddable":true,"href":"https:\/\/csb.demongrafix.es\/de\/wp-json\/wp\/v2\/product_brand?post=6228"},{"taxonomy":"product_cat","embeddable":true,"href":"https:\/\/csb.demongrafix.es\/de\/wp-json\/wp\/v2\/product_cat?post=6228"},{"taxonomy":"product_tag","embeddable":true,"href":"https:\/\/csb.demongrafix.es\/de\/wp-json\/wp\/v2\/product_tag?post=6228"}],"curies":[{"name":"wp","href":"https:\/\/api.w.org\/{rel}","templated":true}]}}