{"id":6227,"date":"2018-05-22T17:18:19","date_gmt":"2018-05-22T17:18:19","guid":{"rendered":"http:\/\/aceitecsb.com\/comprar\/unkategorisiert\/olivenol-picual-cortijo-la-torre-500-ml\/"},"modified":"2026-08-04T07:25:59","modified_gmt":"2026-08-04T07:25:59","slug":"olivenol-picual-cortijo-la-torre-500-ml","status":"publish","type":"product","link":"https:\/\/csb.demongrafix.es\/de\/einkaufen\/olivenol-picual-cortijo-la-torre-500-ml\/","title":{"rendered":"Oliven\u00f6l Picual Cortijo la Torre 500 ml"},"content":{"rendered":"<p>Natives Oliven\u00f6l extra von der Sorte picual<\/p>\n<p>Pr\u00e4mie<\/p>\n<h2>1. Die Eigenschaften von Cortijo la Torre<\/h2>\n<p>Natives Oliven\u00f6l extra in einer dunklen Glasflasche abgef\u00fcllt<\/p>\n<h4 data-start=\"138\" data-end=\"153\">a) Format<\/h4>\n<p data-start=\"155\" data-end=\"292\"><strong data-start=\"155\" data-end=\"181\"><a href=\"https:\/\/aceitecsb.com\/de\/natives-olivenoel-extra\/\">Natives Oliven\u00f6l <\/a> Extra<\/strong> abgef\u00fcllt in einer <strong data-start=\"201\" data-end=\"224\">dunklen Glasflasche<\/strong>, die das \u00d6l optimal vor Licht sch\u00fctzt und seine Qualit\u00e4t bewahrt.<\/p>\n<h4 data-start=\"299\" data-end=\"342\">b) Eines der besten nativen Oliven\u00f6le<\/h4>\n<p data-start=\"344\" data-end=\"568\">Das Native Oliven\u00f6l Extra Picual von Cortijo la Torre z\u00e4hlt zu den renommiertesten Oliven\u00f6len Spaniens \u2013 national wie international ausgezeichnet f\u00fcr seinen intensiven Geschmack und seine au\u00dfergew\u00f6hnliche Qualit\u00e4t.<\/p>\n<h4 data-start=\"575\" data-end=\"596\">c) Trockenanbau<\/h4>\n<p data-start=\"598\" data-end=\"855\">Dieses au\u00dfergew\u00f6hnliche \u00d6l stammt aus <strong data-start=\"636\" data-end=\"668\">Olivenhainen im <\/strong>Trockenanbau, deren Oliven ohne k\u00fcnstliche Bew\u00e4sserung reifen.<br data-start=\"718\" data-end=\"721\" \/>Die M\u00fchle setzt dabei auf nachhaltige, umweltfreundliche Anbaumethoden, die Tradition und Natur in perfekter Harmonie verbinden.<\/p>\n<h4 data-start=\"862\" data-end=\"885\">d) Auszeichnungen<\/h4>\n<p data-start=\"887\" data-end=\"1096\">Seit <strong data-start=\"892\" data-end=\"910\">\u00fcber 30 Jahren<\/strong> wird die Almazara regelm\u00e4\u00dfig mit den prestigetr\u00e4chtigsten nationalen und internationalen Preisen ausgezeichnet \u2013 ein Garant f\u00fcr h\u00f6chste Qualit\u00e4t und Leidenschaft in jedem Tropfen.<\/p>\n<h3>2. Allgemeine Informationen<\/h3>\n<p>Zone: Spanien<\/p>\n<p>Menge: 1 l<\/p>\n<p>Produktionsfirma: Aceites Cortijo la Torre S.L.U.<\/p>\n<p>Herkunft der Genossenschaft: Arjona, Ja\u00e9n<\/p>\n<h4>a) N\u00e4hrwertangaben:<\/h4>\n<p>Wert pro 100 g<\/p>\n<p>Energiewert: 3699 KJ\/884 Kcal<\/p>\n<p>Fett: 100 g<\/p>\n<ul>\n<li>davon ges\u00e4ttigt: 18 g<\/li>\n<li>Einfach unges\u00e4ttigt: 71 g<\/li>\n<li>Mehrfach unges\u00e4ttigt: 11 g<\/li>\n<li>Trans: 0,0 g<\/li>\n<\/ul>\n<p>Kohlenhydrate: 0,0 g<\/p>\n<ul>\n<li>davon Zucker: 0,0 g<\/li>\n<\/ul>\n<p>Eiwei\u00df: 0,0 g<\/p>\n<p>Salz: 0,0 g<\/p>\n<p>Ballaststoffe: 0,0 g<\/p>\n<p>Vitamin E: 20 mg<\/p>\n<h4>b) Analyse:<\/h4>\n<p>Maximaler S\u00e4uregehalt: &lt;0,4\u00ba.<\/p>\n<p>Peroxidwert: &lt;20<\/p>\n<p>Wachse: &lt;250 mg\/Kg<\/p>\n<p>K-232: &lt;2.5<\/p>\n<p>K-270:&lt;0.22<\/p>\n<h4>c) Mehrere Informationen<\/h4>\n<p>Das natives Oliven\u00f6l extra verliert mit Licht, Temperatur und Sauerstoff an Qualit\u00e4t, deshalb m\u00fcssen wir die Flasche nach dem Kauf konsumieren und nach dem \u00d6ffnen konsumieren. Es sollte an einem k\u00fchlen Ort und au\u00dferhalb einer Lichtquelle aufbewahrt werden.<\/p>\n<p>F\u00fcr weitere Informationen \u00fcber das native Oliven\u00f6l extra aus Cortijo la Torre oder seiner \u00d6lm\u00fchle, wo es hergestellt wird, besuchen Sie bitte die folgende Website,\u00a0<a href=\"http:\/\/www.cortijolatorre.com\/\">Cortijo la Torre<\/a><\/p>\n","protected":false},"excerpt":{"rendered":"<p>Natives Oliven\u00f6l extra der Sorte Picual von Cortijo la Torre, abgef\u00fcllt in einer dunklen Glasflasche, die das \u00d6l optimal vor Licht sch\u00fctzt. Gewonnen aus Olivenhainen im Trockenanbau, z\u00e4hlt es zu den renommiertesten Oliven\u00f6len Spaniens und wird seit \u00fcber 30 Jahren national wie international ausgezeichnet.<br \/>\nNettogewicht: 500 ml. Herkunft: Arjona, Ja\u00e9n, Spanien.<\/p>\n","protected":false},"featured_media":4704,"comment_status":"open","ping_status":"closed","template":"","meta":{"_acf_changed":false},"origen":[457],"variedad":[473],"product_brand":[],"product_cat":[249],"product_tag":[],"class_list":["post-6227","product","type-product","status-publish","has-post-thumbnail","origen-jaen","variedad-picual","product_cat-natives-olivenol-extra","first","instock","taxable","shipping-taxable","purchasable","product-type-simple"],"acf":[],"_links":{"self":[{"href":"https:\/\/csb.demongrafix.es\/de\/wp-json\/wp\/v2\/product\/6227","targetHints":{"allow":["GET"]}}],"collection":[{"href":"https:\/\/csb.demongrafix.es\/de\/wp-json\/wp\/v2\/product"}],"about":[{"href":"https:\/\/csb.demongrafix.es\/de\/wp-json\/wp\/v2\/types\/product"}],"replies":[{"embeddable":true,"href":"https:\/\/csb.demongrafix.es\/de\/wp-json\/wp\/v2\/comments?post=6227"}],"wp:featuredmedia":[{"embeddable":true,"href":"https:\/\/csb.demongrafix.es\/de\/wp-json\/wp\/v2\/media\/4704"}],"wp:attachment":[{"href":"https:\/\/csb.demongrafix.es\/de\/wp-json\/wp\/v2\/media?parent=6227"}],"wp:term":[{"taxonomy":"origen","embeddable":true,"href":"https:\/\/csb.demongrafix.es\/de\/wp-json\/wp\/v2\/origen?post=6227"},{"taxonomy":"variedad","embeddable":true,"href":"https:\/\/csb.demongrafix.es\/de\/wp-json\/wp\/v2\/variedad?post=6227"},{"taxonomy":"product_brand","embeddable":true,"href":"https:\/\/csb.demongrafix.es\/de\/wp-json\/wp\/v2\/product_brand?post=6227"},{"taxonomy":"product_cat","embeddable":true,"href":"https:\/\/csb.demongrafix.es\/de\/wp-json\/wp\/v2\/product_cat?post=6227"},{"taxonomy":"product_tag","embeddable":true,"href":"https:\/\/csb.demongrafix.es\/de\/wp-json\/wp\/v2\/product_tag?post=6227"}],"curies":[{"name":"wp","href":"https:\/\/api.w.org\/{rel}","templated":true}]}}