{"id":6107,"date":"2018-05-22T17:51:06","date_gmt":"2018-05-22T17:51:06","guid":{"rendered":"http:\/\/aceitecsb.com\/comprar\/unkategorisiert\/olivenol-manzanilla-cacerena-vieiru-500-ml\/"},"modified":"2026-08-04T07:25:58","modified_gmt":"2026-08-04T07:25:58","slug":"olivenol-manzanilla-cacerena-vieiru-500-ml","status":"publish","type":"product","link":"https:\/\/csb.demongrafix.es\/de\/einkaufen\/olivenol-manzanilla-cacerena-vieiru-500-ml\/","title":{"rendered":"Oliven\u00f6l Manzanilla Cacere\u00f1a Vieiru 500 ml"},"content":{"rendered":"<p>Natives Oliven\u00f6l Extra der Sorte Manzanilla cacere\u00f1a<\/p>\n<h3>1. Eigenschaften des Vieiru Manzanilla Cacere\u00f1a Oliven\u00f6ls<\/h3>\n<p data-start=\"185\" data-end=\"363\">Produktinformation:<\/p>\n<h4 data-start=\"185\" data-end=\"363\">a) Verpackung<\/h4>\n<p data-start=\"185\" data-end=\"363\">Hochwertiges <em data-start=\"244\" data-end=\"268\">natives Oliven\u00f6l extra<\/em>, abgef\u00fcllt in einer eleganten, gr\u00fcnen Glasflasche \u2013 ideal, um Frische und Aroma zu bewahren.<\/p>\n<h4 data-start=\"365\" data-end=\"562\">b) Erstklassiges Oliven\u00f6l \u2013 f\u00fcr jeden Tag ein Genuss<\/h4>\n<p data-start=\"365\" data-end=\"562\">Das <em data-start=\"428\" data-end=\"456\">Vieiru Manzanilla Cacere\u00f1a<\/em> ist ein au\u00dfergew\u00f6hnliches <em data-start=\"483\" data-end=\"507\">natives Oliven\u00f6l extra<\/em>, das sich perfekt f\u00fcr den t\u00e4glichen Gebrauch eignet.<\/p>\n<h4 data-start=\"564\" data-end=\"967\">c) Empfehlung f\u00fcr Genie\u00dfer<\/h4>\n<p data-start=\"564\" data-end=\"967\">Das <em data-start=\"601\" data-end=\"618\">Vieiru\u00a0<\/em><a href=\"https:\/\/aceitecsb.com\/de\/natives-olivenoel-extra\/\"><strong>Natives Oliven\u00f6l extra<\/strong><\/a>\u00a0der Sorte <em data-start=\"629\" data-end=\"650\">Manzanilla Cacere\u00f1a<\/em> entfaltet seinen feinen Geschmack besonders gut in kalten Gerichten: auf frischen Salaten, in Dressings oder Saucen.<\/p>\n<p data-start=\"564\" data-end=\"967\">Es harmoniert wunderbar mit milden wei\u00dfen Fischsorten und ged\u00e4mpftem Gem\u00fcse.<\/p>\n<p data-start=\"564\" data-end=\"967\">Sein sanft-fruchtiges Aroma macht es zudem ideal, um auch Kinder an den Genuss hochwertiger Oliven\u00f6le heranzuf\u00fchren.<\/p>\n<h4 data-start=\"969\" data-end=\"1214\">d) Ausgezeichnete Qualit\u00e4t \u2013 national und international pr\u00e4miert<\/h4>\n<p data-start=\"969\" data-end=\"1214\">Die <em data-start=\"1044\" data-end=\"1062\">Vieiru Oliven\u00f6le<\/em> werden Jahr f\u00fcr Jahr mit den renommiertesten nationalen und internationalen Preisen ausgezeichnet \u2013 ein Beweis f\u00fcr h\u00f6chste Qualit\u00e4t und Leidenschaft.<\/p>\n<h4 data-start=\"1216\" data-end=\"1384\">e) Nachhaltigkeit &amp; Qualit\u00e4t \u2013 unsere Verpflichtung<\/h4>\n<p data-start=\"1216\" data-end=\"1384\">Unsere \u00d6lm\u00fchle steht f\u00fcr nachhaltige Produktion und kompromisslose Qualit\u00e4t \u2013 von der Ernte bis zur Flasche.<\/p>\n<h3>2. Allgemeine Informationen<\/h3>\n<p>Zone: Spanien<\/p>\n<p>Menge: 500 ml<\/p>\n<p>Hersteller: Agropecuaria S.L.<\/p>\n<p>Herkunft der Genossenschaft: Eljas, C\u00e1ceres<\/p>\n<h4>a) N\u00e4hrwertangaben:<\/h4>\n<p>Wert pro 100 g<\/p>\n<p>Energiewert: 3380 KJ\/823 Kcal<\/p>\n<p>Fett: 91,1 g<\/p>\n<ul>\n<li>davon ges\u00e4ttigt: 18,9 g<\/li>\n<li>Einfach unges\u00e4ttigt: 79 g<\/li>\n<li>Mehrfach unges\u00e4ttigt: 8 g<\/li>\n<\/ul>\n<p>Kohlenhydrate: 0,0 g<\/p>\n<ul>\n<li>davon Zucker: 0,0 g<\/li>\n<\/ul>\n<p>Eiwei\u00df: 0,0 g<\/p>\n<p>Salz: 0,0 g<\/p>\n<h4>b) Gesundheits-Registrierungsnummer<\/h4>\n<p>16.03780\/CC<\/p>\n<h3>3. Weitere Informationen<\/h3>\n<p>Das natives Oliven\u00f6l extra verliert mit Licht, Temperatur und Sauerstoff an Qualit\u00e4t, deshalb m\u00fcssen wir die Flasche nach dem Kauf konsumieren und nach dem \u00d6ffnen konsumieren. Es sollte an einem k\u00fchlen Ort und au\u00dferhalb einer Lichtquelle aufbewahrt werden.<\/p>\n","protected":false},"excerpt":{"rendered":"<p>Natives Oliven\u00f6l extra der Sorte Manzanilla Cacere\u00f1a von Vieiru, abgef\u00fcllt in einer eleganten gr\u00fcnen Glasflasche. Ein sanft-fruchtiges \u00d6l f\u00fcr den t\u00e4glichen Genuss, das sich besonders gut in kalten Gerichten, Salaten, Dressings und Saucen entfaltet und wunderbar mit mildem wei\u00dfem Fisch und ged\u00e4mpftem Gem\u00fcse harmoniert. National und international pr\u00e4miert.<br \/>\nNettogewicht: 500 ml. Herkunft: Eljas, C\u00e1ceres, Spanien.<\/p>\n","protected":false},"featured_media":4734,"comment_status":"open","ping_status":"closed","template":"","meta":{"_acf_changed":false},"origen":[490],"variedad":[472],"product_brand":[],"product_cat":[249],"product_tag":[],"class_list":["post-6107","product","type-product","status-publish","has-post-thumbnail","origen-extremadura","variedad-manzanilla","product_cat-natives-olivenol-extra","first","instock","taxable","shipping-taxable","purchasable","product-type-simple"],"acf":[],"_links":{"self":[{"href":"https:\/\/csb.demongrafix.es\/de\/wp-json\/wp\/v2\/product\/6107","targetHints":{"allow":["GET"]}}],"collection":[{"href":"https:\/\/csb.demongrafix.es\/de\/wp-json\/wp\/v2\/product"}],"about":[{"href":"https:\/\/csb.demongrafix.es\/de\/wp-json\/wp\/v2\/types\/product"}],"replies":[{"embeddable":true,"href":"https:\/\/csb.demongrafix.es\/de\/wp-json\/wp\/v2\/comments?post=6107"}],"wp:featuredmedia":[{"embeddable":true,"href":"https:\/\/csb.demongrafix.es\/de\/wp-json\/wp\/v2\/media\/4734"}],"wp:attachment":[{"href":"https:\/\/csb.demongrafix.es\/de\/wp-json\/wp\/v2\/media?parent=6107"}],"wp:term":[{"taxonomy":"origen","embeddable":true,"href":"https:\/\/csb.demongrafix.es\/de\/wp-json\/wp\/v2\/origen?post=6107"},{"taxonomy":"variedad","embeddable":true,"href":"https:\/\/csb.demongrafix.es\/de\/wp-json\/wp\/v2\/variedad?post=6107"},{"taxonomy":"product_brand","embeddable":true,"href":"https:\/\/csb.demongrafix.es\/de\/wp-json\/wp\/v2\/product_brand?post=6107"},{"taxonomy":"product_cat","embeddable":true,"href":"https:\/\/csb.demongrafix.es\/de\/wp-json\/wp\/v2\/product_cat?post=6107"},{"taxonomy":"product_tag","embeddable":true,"href":"https:\/\/csb.demongrafix.es\/de\/wp-json\/wp\/v2\/product_tag?post=6107"}],"curies":[{"name":"wp","href":"https:\/\/api.w.org\/{rel}","templated":true}]}}