{"id":6104,"date":"2018-05-23T09:36:03","date_gmt":"2018-05-23T09:36:03","guid":{"rendered":"http:\/\/aceitecsb.com\/comprar\/unkategorisiert\/olivenol-picual-primus-500-ml\/"},"modified":"2026-08-04T07:25:56","modified_gmt":"2026-08-04T07:25:56","slug":"olivenol-picual-primus-500-ml","status":"publish","type":"product","link":"https:\/\/csb.demongrafix.es\/de\/einkaufen\/olivenol-picual-primus-500-ml\/","title":{"rendered":"Oliven\u00f6l Picual Primus 500 ml"},"content":{"rendered":"<p><a href=\"https:\/\/aceitecsb.com\/de\/natives-olivenoel-extra\/\"><strong>Natives Oliven\u00f6l extra<\/strong><\/a> von der Sorte picual<\/p>\n<h2>1. Die Eigenschaften des Picual-\u00d6ls Primus<\/h2>\n<p data-start=\"110\" data-end=\"136\">Produktinformation<\/p>\n<h4 data-start=\"138\" data-end=\"269\">a) Verpackung<\/h4>\n<p data-start=\"138\" data-end=\"269\">Natives Oliven\u00f6l extra, abgef\u00fcllt in einer eleganten <strong data-start=\"211\" data-end=\"234\">dunklen Glasflasche<\/strong>, die Qualit\u00e4t und Frische bewahrt.<\/p>\n<h4 data-start=\"271\" data-end=\"492\">b) Spektakul\u00e4res Fr\u00fchlese\u00f6l<\/h4>\n<p data-start=\"271\" data-end=\"492\">Das Pico Caba\u00f1as Primus Picual Oliven\u00f6l extra ist ein Fr\u00fchlese\u00f6l, hergestellt von der \u00d6lm\u00fchle La B\u00e9tica \u2013 eine wahre Perle dieser Genossenschaft.<\/p>\n<p data-start=\"271\" data-end=\"492\"><strong data-start=\"465\" data-end=\"475\">Ernte:<\/strong> Oktober\u2013November<\/p>\n<h4 data-start=\"494\" data-end=\"546\">c) Herkunftsbezeichnung:<\/h4>\n<p data-start=\"494\" data-end=\"546\">Sierra de Cazorla<\/p>\n<h4 data-start=\"548\" data-end=\"641\">d) Neue Ernte<\/h4>\n<p data-start=\"548\" data-end=\"641\">Die neue Ernte ist in der Regel Mitte bis Anfang Dezember erh\u00e4ltlich.<\/p>\n<h4 data-start=\"643\" data-end=\"760\">e) Olivenhaine: Trockenanbau<\/h4>\n<p data-start=\"643\" data-end=\"760\">Das \u00d6l stammt aus ausgedehnten Trockenolivenhainen, sorgf\u00e4ltig bewirtschaftet.<\/p>\n<h4 data-start=\"762\" data-end=\"943\">f) Auszeichnungen<\/h4>\n<p data-start=\"762\" data-end=\"943\">Die Genossenschaft beginnt, ihr \u00d6l bei Verkostungswettbewerben einzureichen, und gewinnt nach und nach Anerkennung und Preise f\u00fcr die herausragende Qualit\u00e4t.<\/p>\n<h3>2. Allgemeine Informationen<\/h3>\n<p>Zone: Spanien<\/p>\n<p>Menge: 1 l<\/p>\n<p>Produktionsfirma: La B\u00e9tica Aceitera<\/p>\n<p>Herkunft der Genossenschaft: Quesada Ja\u00e9n<\/p>\n<h4>a) N\u00e4hrwertangaben:<\/h4>\n<p>Wert pro 100 g<\/p>\n<p>Energiewert: 3700 KJ\/900 Kcal<\/p>\n<p>Fett: 100 g<\/p>\n<ul>\n<li>davon ges\u00e4ttigt: 10,92 g<\/li>\n<li>Einfach unges\u00e4ttigt: 72,80 g<\/li>\n<li>Mehrfach unges\u00e4ttigt: 7,28 g<\/li>\n<\/ul>\n<p>Kohlenhydrate: 0,0 g<\/p>\n<ul>\n<li>davon Zucker: 0,0 g<\/li>\n<\/ul>\n<p>Eiwei\u00df: 0,0 g<\/p>\n<p>Salz: 0,0 g<\/p>\n<p>Vitamin E: 30 mg<\/p>\n<p>Vitamin A: 0,3 mg<\/p>\n<h4>b) Analyse:<\/h4>\n<p>Maximaler S\u00e4uregehalt: &lt;0,4\u00ba.<\/p>\n<p>Peroxidwert: &lt;20<\/p>\n<p>Wachse: &lt;250 mg\/Kg<\/p>\n<p>K-232: &lt;2.5<\/p>\n<p>K-270:&lt;0.22<\/p>\n<h4>c) Gesundheitsregistrierung:<\/h4>\n<p>016.678\/J<\/p>\n<h4>d) Weitere Informationen<\/h4>\n<p>Das natives Oliven\u00f6l extra verliert mit Licht, Temperatur und Sauerstoff an Qualit\u00e4t, deshalb m\u00fcssen wir die Flasche nach dem Kauf konsumieren und nach dem \u00d6ffnen konsumieren. Es sollte an einem k\u00fchlen Ort und au\u00dferhalb einer Lichtquelle aufbewahrt werden.<\/p>\n<p>Weitere Informationen \u00fcber die Herkunftsbezeichnung, den Ort und seine nativen Oliven\u00f6le finden Sie unter folgendem Link,\u00a0<a href=\"http:\/\/www.desierracazorla.es\">Sierra de Cazorla.<\/a><\/p>\n","protected":false},"excerpt":{"rendered":"<p>Natives Oliven\u00f6l extra der Sorte Picual aus fr\u00fcher Ernte, ein Fr\u00fchlese-\u00d6l der \u00d6lm\u00fchle La B\u00e9tica mit Herkunftsbezeichnung Sierra de Cazorla. Abgef\u00fcllt in einer eleganten dunklen Glasflasche, die Qualit\u00e4t und Frische bewahrt. Gewonnen aus sorgf\u00e4ltig bewirtschafteten Trockenolivenhainen f\u00fcr einen intensiven, ausdrucksstarken Geschmack.<br \/>\nNettogewicht: 500 ml. Herkunft: Quesada, Ja\u00e9n, Spanien.<\/p>\n","protected":false},"featured_media":4749,"comment_status":"open","ping_status":"closed","template":"","meta":{"_acf_changed":false},"origen":[464],"variedad":[473],"product_brand":[],"product_cat":[249],"product_tag":[],"class_list":["post-6104","product","type-product","status-publish","has-post-thumbnail","origen-sierra-de-cazorla","variedad-picual","product_cat-natives-olivenol-extra","first","instock","taxable","shipping-taxable","purchasable","product-type-simple"],"acf":[],"_links":{"self":[{"href":"https:\/\/csb.demongrafix.es\/de\/wp-json\/wp\/v2\/product\/6104","targetHints":{"allow":["GET"]}}],"collection":[{"href":"https:\/\/csb.demongrafix.es\/de\/wp-json\/wp\/v2\/product"}],"about":[{"href":"https:\/\/csb.demongrafix.es\/de\/wp-json\/wp\/v2\/types\/product"}],"replies":[{"embeddable":true,"href":"https:\/\/csb.demongrafix.es\/de\/wp-json\/wp\/v2\/comments?post=6104"}],"wp:featuredmedia":[{"embeddable":true,"href":"https:\/\/csb.demongrafix.es\/de\/wp-json\/wp\/v2\/media\/4749"}],"wp:attachment":[{"href":"https:\/\/csb.demongrafix.es\/de\/wp-json\/wp\/v2\/media?parent=6104"}],"wp:term":[{"taxonomy":"origen","embeddable":true,"href":"https:\/\/csb.demongrafix.es\/de\/wp-json\/wp\/v2\/origen?post=6104"},{"taxonomy":"variedad","embeddable":true,"href":"https:\/\/csb.demongrafix.es\/de\/wp-json\/wp\/v2\/variedad?post=6104"},{"taxonomy":"product_brand","embeddable":true,"href":"https:\/\/csb.demongrafix.es\/de\/wp-json\/wp\/v2\/product_brand?post=6104"},{"taxonomy":"product_cat","embeddable":true,"href":"https:\/\/csb.demongrafix.es\/de\/wp-json\/wp\/v2\/product_cat?post=6104"},{"taxonomy":"product_tag","embeddable":true,"href":"https:\/\/csb.demongrafix.es\/de\/wp-json\/wp\/v2\/product_tag?post=6104"}],"curies":[{"name":"wp","href":"https:\/\/api.w.org\/{rel}","templated":true}]}}