{"id":6099,"date":"2018-05-23T10:01:40","date_gmt":"2018-05-23T10:01:40","guid":{"rendered":"http:\/\/aceitecsb.com\/comprar\/unkategorisiert\/natives-olivenol-extra-alhema-de-queilles-500-ml\/"},"modified":"2026-08-04T07:25:55","modified_gmt":"2026-08-04T07:25:55","slug":"natives-olivenol-extra-alhema-de-queilles-500-ml","status":"publish","type":"product","link":"https:\/\/csb.demongrafix.es\/de\/einkaufen\/natives-olivenol-extra-alhema-de-queilles-500-ml\/","title":{"rendered":"natives Oliven\u00f6l extra Alhema de Queilles 500 ml"},"content":{"rendered":"<p>Bio-<a href=\"https:\/\/aceitecsb.com\/de\/natives-olivenoel-extra\/\"><strong>Oliven\u00f6l<\/strong><\/a> extra vergine<\/p>\n<p>Kaltextraktion<\/p>\n<h2><strong>1. Die Eigenschaften des \u00d6ls von Alhema de Queilles:<\/strong><\/h2>\n<p>Oliven\u00f6l in einer dunklen Glasflasche mit Metallverschluss.<\/p>\n<h4>a) Aroma<\/h4>\n<p>Alhema de Queilles extra natives Oliven\u00f6l der Sorte Arbequina hat ein sehr fruchtiges Aroma mit intensiven Aromen von gr\u00fcnem Gras, Apfel, Kiwi und Zitrone. Im Geschmack hat er Aromen von Rosmarin, Waln\u00fcssen und Artischocke mit wenig Bitterkeit und Juckreiz. Ein sehr ausgewogenes und harmonisches \u00d6l mit wenig Sch\u00e4rfe und Bitterkeit.<\/p>\n<h4>b) Empfehlungen:<\/h4>\n<p>Dieses extra native Oliven\u00f6l von Alhema de Queilles eignet sich hervorragend f\u00fcr milde Dressings wie Salate und zum Verfeinern von wei\u00dfem Fisch und gekochtem Gem\u00fcse. Ideal auch f\u00fcr Geb\u00e4ck und Mayonnaisen.<\/p>\n<h4>c) Auszeichnungen:<\/h4>\n<p>Das Native Oliven\u00f6l Extra von Segorbe Nostrum ist eines der am meisten ausgezeichneten spanischen Oliven\u00f6le, ein nationaler und internationaler Preis, der jedes Jahr erneuert wird.<\/p>\n<h4>b) Herkunftsbezeichnung:<\/h4>\n<p>\u00d6l aus der Region Valencia<\/p>\n<h3>2. Allgemeine Informationen<\/h3>\n<p>Zone: Spanien<\/p>\n<p>Menge: 500 ml<\/p>\n<p>Produktionsfirma: Hacienda Queiles S.L.<\/p>\n<p>Herkunft der Genossenschaft: Monteagudo, Navarra<\/p>\n<h4>a) N\u00e4hrwertangaben:<\/h4>\n<p>Wert pro 100 g<\/p>\n<p>Energiewert: 3350 KJ\/800 Kcal<\/p>\n<p>Fett: 93,33 g<\/p>\n<ul>\n<li>davon ges\u00e4ttigt: 13,33 g<\/li>\n<\/ul>\n<p>Kohlenhydrate: 0,0 g<\/p>\n<ul>\n<li>davon Zucker: 0,0 g<\/li>\n<\/ul>\n<p>Eiwei\u00df: 0,0 g<\/p>\n<p>Salz: 0,0 g<\/p>\n<h4>b) Qualitative Elemente:<\/h4>\n<p>Maximaler S\u00e4uregehalt. 0.2 \u00ba<\/p>\n<p>Peroxidwert &lt;20<\/p>\n<p>Wachse &lt;250 mg\/Kg<\/p>\n<p>K270&lt;22<\/p>\n<h4>c) Gesundheits-Registrierungsnummer<\/h4>\n<p>16.03395\/NA<\/p>\n<h4>d) Weitere Informationen<\/h4>\n<p>Das natives Oliven\u00f6l extra verliert mit Licht, Temperatur und Sauerstoff an Qualit\u00e4t, deshalb m\u00fcssen wir die Flasche nach dem Kauf konsumieren und nach dem \u00d6ffnen konsumieren. Es sollte an einem k\u00fchlen Ort und au\u00dferhalb einer Lichtquelle aufbewahrt werden.<\/p>\n<p>M\u00e1s informaci\u00f3n sobre la denominaci\u00f3n de origen de Navarra y sus aceites de oliva virgen extra las puede encontrar en la p\u00e1gina del Ministerio de Agricultura, Pesca y Alimentaci\u00f3n,\u00a0<a href=\"https:\/\/www.mapa.gob.es\/\">Magama.<\/a><\/p>\n","protected":false},"excerpt":{"rendered":"<p>Natives Oliven\u00f6l extra der Sorte Arbequina aus Kaltextraktion, abgef\u00fcllt in einer dunklen Glasflasche. Sehr fruchtig mit Aromen von gr\u00fcnem Gras, Apfel, Kiwi und Zitrone, ausgewogen und harmonisch mit wenig Bitterkeit und Sch\u00e4rfe. Ideal f\u00fcr milde Dressings und Salate sowie zum Verfeinern von wei\u00dfem Fisch, gekochtem Gem\u00fcse, Geb\u00e4ck und Mayonnaisen.<br \/>\nNettogewicht: 500 ml. Herkunft: Monteagudo, Navarra, Spanien.<\/p>\n","protected":false},"featured_media":28697,"comment_status":"open","ping_status":"closed","template":"","meta":{"_acf_changed":false},"origen":[459],"variedad":[466],"product_brand":[],"product_cat":[291,249],"product_tag":[],"class_list":["post-6099","product","type-product","status-publish","has-post-thumbnail","origen-navarra","variedad-arbequina","product_cat-bio-produkte","product_cat-natives-olivenol-extra","first","outofstock","taxable","shipping-taxable","purchasable","product-type-simple"],"acf":[],"_links":{"self":[{"href":"https:\/\/csb.demongrafix.es\/de\/wp-json\/wp\/v2\/product\/6099","targetHints":{"allow":["GET"]}}],"collection":[{"href":"https:\/\/csb.demongrafix.es\/de\/wp-json\/wp\/v2\/product"}],"about":[{"href":"https:\/\/csb.demongrafix.es\/de\/wp-json\/wp\/v2\/types\/product"}],"replies":[{"embeddable":true,"href":"https:\/\/csb.demongrafix.es\/de\/wp-json\/wp\/v2\/comments?post=6099"}],"wp:featuredmedia":[{"embeddable":true,"href":"https:\/\/csb.demongrafix.es\/de\/wp-json\/wp\/v2\/media\/28697"}],"wp:attachment":[{"href":"https:\/\/csb.demongrafix.es\/de\/wp-json\/wp\/v2\/media?parent=6099"}],"wp:term":[{"taxonomy":"origen","embeddable":true,"href":"https:\/\/csb.demongrafix.es\/de\/wp-json\/wp\/v2\/origen?post=6099"},{"taxonomy":"variedad","embeddable":true,"href":"https:\/\/csb.demongrafix.es\/de\/wp-json\/wp\/v2\/variedad?post=6099"},{"taxonomy":"product_brand","embeddable":true,"href":"https:\/\/csb.demongrafix.es\/de\/wp-json\/wp\/v2\/product_brand?post=6099"},{"taxonomy":"product_cat","embeddable":true,"href":"https:\/\/csb.demongrafix.es\/de\/wp-json\/wp\/v2\/product_cat?post=6099"},{"taxonomy":"product_tag","embeddable":true,"href":"https:\/\/csb.demongrafix.es\/de\/wp-json\/wp\/v2\/product_tag?post=6099"}],"curies":[{"name":"wp","href":"https:\/\/api.w.org\/{rel}","templated":true}]}}