{"id":4531,"date":"2018-01-19T17:18:32","date_gmt":"2018-01-19T17:18:32","guid":{"rendered":"http:\/\/aceitecsb.com\/comprar\/unkategorisiert\/olivenol-royal-pico-de-cabanas-25-l\/"},"modified":"2026-08-03T22:54:45","modified_gmt":"2026-08-03T22:54:45","slug":"olivenol-royal-pico-de-cabanas-25-l","status":"publish","type":"product","link":"https:\/\/csb.demongrafix.es\/de\/einkaufen\/olivenol-royal-pico-de-cabanas-25-l\/","title":{"rendered":"Oliven\u00f6l Royal Pico de Caba\u00f1as 2,5 l"},"content":{"rendered":"<p>Natives Oliven\u00f6l extra aus Royal-Oliven<\/p>\n<h2>1. Die Eigenschaften des Royal-\u00d6Ls von Pico Caba\u00f1as 2,5 l<\/h2>\n<p><a href=\"https:\/\/aceitecsb.com\/de\/natives-olivenoel-extra\/\"><strong>Natives Oliven\u00f6l extra<\/strong> <\/a>in der Dose abgef\u00fcllt<\/p>\n<h4 data-start=\"194\" data-end=\"271\">a) Format:<\/h4>\n<p data-start=\"194\" data-end=\"271\">Natives Oliven\u00f6l extra \u2013 abgef\u00fcllt in edler Metallflasche.<\/p>\n<h4 data-start=\"273\" data-end=\"457\">b) Einzigartiges AOVE, 100\u202f% Royal:<\/h4>\n<p data-start=\"273\" data-end=\"457\">Das native Oliven\u00f6l extra <em data-start=\"341\" data-end=\"355\">Pico Caba\u00f1as<\/em> aus der Sorte <strong data-start=\"370\" data-end=\"379\">Royal<\/strong> ist ein einzigartiges, regionales \u00d6l aus dieser besonderen Gegend Spaniens.<\/p>\n<h4 data-start=\"459\" data-end=\"514\">c) Herkunftsbezeichnung:<\/h4>\n<p data-start=\"459\" data-end=\"514\">Sierra de Cazorla.<\/p>\n<h4 data-start=\"516\" data-end=\"618\">d) Regenfeld-Olivenhaine:<\/h4>\n<p data-start=\"516\" data-end=\"618\">Dieses \u00d6l stammt aus traditionellen, nicht bew\u00e4sserten Olivenhainen.<\/p>\n<h4 data-start=\"620\" data-end=\"715\">e) Neue Ernte:<\/h4>\n<p data-start=\"620\" data-end=\"715\">Die neue Ernte trifft in der Regel Ende Dezember oder Anfang Januar ein.<\/p>\n<h4 data-start=\"717\" data-end=\"892\">f) Auszeichnungen und Qualit\u00e4tszeichen:<\/h4>\n<p data-start=\"717\" data-end=\"892\">Die Genossenschaft beginnt, ihr \u00d6l bei Wettbewerben einzureichen und gewinnt nach und nach Anerkennung f\u00fcr seine hohe Qualit\u00e4t.<\/p>\n<p data-start=\"894\" data-end=\"933\"><strong data-start=\"894\" data-end=\"931\">Qualit\u00e4tszeichen auf dieser Dose:<\/strong><\/p>\n<ul data-start=\"934\" data-end=\"988\">\n<li data-start=\"934\" data-end=\"960\">\n<p data-start=\"936\" data-end=\"960\">Zertifizierte Qualit\u00e4t<\/p>\n<\/li>\n<li data-start=\"961\" data-end=\"988\">\n<p data-start=\"963\" data-end=\"988\">Sierra de Cazorla, Ja\u00e9n<\/p>\n<\/li>\n<\/ul>\n<h3><strong>2. Allgemeine Informationen<\/strong><\/h3>\n<p>Zone: Spanien<\/p>\n<p>Menge: 2,5 l<\/p>\n<p>Produktionsfirma: La B\u00e9tica Aceitera<\/p>\n<p>Herkunft der Genossenschaft: Quesada, Ja\u00e9n<\/p>\n<h4>a) N\u00e4hrwertangaben:<\/h4>\n<p>Wert pro 100 g<\/p>\n<p>Energiewert: 3700 KJ\/900 Kcal<\/p>\n<p>Fett: 100 g<\/p>\n<ul>\n<li>davon ges\u00e4ttigt: 10,92 g<\/li>\n<li>Einfach unges\u00e4ttigt: 72,80 g<\/li>\n<li>Mehrfach unges\u00e4ttigt: 7,28 g<\/li>\n<\/ul>\n<p>Kohlenhydrate: 0,0 g<\/p>\n<ul>\n<li>davon Zucker: 0,0 g<\/li>\n<\/ul>\n<p>Eiwei\u00df: 0,0 g<\/p>\n<p>Salz: 0,0 g<\/p>\n<p>Vitamin E: 30 mg<\/p>\n<p>Vitamin A: 0,3 mg<\/p>\n<h4>b) Analyse:<\/h4>\n<p>Maximaler S\u00e4uregehalt: &lt;0,4\u00ba.<\/p>\n<p>Peroxidwert: &lt;20<\/p>\n<p>Wachse: &lt;250 mg\/Kg<\/p>\n<p>K-232: &lt;2.5<\/p>\n<p>K-270:&lt;0.22<\/p>\n<h4>c) Gesundheitsregistrierung:<\/h4>\n<p>016.678\/J<\/p>\n<h4>d) Mehrere Informationen<\/h4>\n<p>Das natives Oliven\u00f6l extra verliert mit Licht, Temperatur und Sauerstoff an Qualit\u00e4t, deshalb m\u00fcssen wir die Flasche nach dem Kauf konsumieren und nach dem \u00d6ffnen konsumieren. Es sollte an einem k\u00fchlen Ort und au\u00dferhalb einer Lichtquelle aufbewahrt werden.<\/p>\n<p>F\u00fcr weitere Informationen \u00fcber die nativen Oliven\u00f6le der Sierra d Cazorla, ihre Geradlinigkeit und die Region finden Sie sie im folgenden Link,\u00a0<a href=\"http:\/\/www.turismoencazorla.com\/\">Sierra de Cazorla<\/a><\/p>\n","protected":false},"excerpt":{"rendered":"<p>Natives Oliven\u00f6l extra der Sorte Royal (100 %) von Pico Caba\u00f1as mit gesch\u00fctzter Ursprungsbezeichnung Sierra de Cazorla. Ein einzigartiges, regionales \u00d6l aus traditionellen, nicht bew\u00e4sserten Olivenhainen und mit zertifizierter Qualit\u00e4t. Abgef\u00fcllt in einer edlen Metalldose.<br \/>\nNettogewicht: 2,5 l. Herkunft: Quesada, Ja\u00e9n, Spanien.<\/p>\n","protected":false},"featured_media":2242,"comment_status":"open","ping_status":"closed","template":"","meta":{"_acf_changed":false},"origen":[457,464],"variedad":[474],"product_brand":[],"product_cat":[249],"product_tag":[],"class_list":["post-4531","product","type-product","status-publish","has-post-thumbnail","origen-jaen","origen-sierra-de-cazorla","variedad-royal","product_cat-natives-olivenol-extra","first","instock","taxable","shipping-taxable","purchasable","product-type-simple"],"acf":[],"_links":{"self":[{"href":"https:\/\/csb.demongrafix.es\/de\/wp-json\/wp\/v2\/product\/4531","targetHints":{"allow":["GET"]}}],"collection":[{"href":"https:\/\/csb.demongrafix.es\/de\/wp-json\/wp\/v2\/product"}],"about":[{"href":"https:\/\/csb.demongrafix.es\/de\/wp-json\/wp\/v2\/types\/product"}],"replies":[{"embeddable":true,"href":"https:\/\/csb.demongrafix.es\/de\/wp-json\/wp\/v2\/comments?post=4531"}],"wp:featuredmedia":[{"embeddable":true,"href":"https:\/\/csb.demongrafix.es\/de\/wp-json\/wp\/v2\/media\/2242"}],"wp:attachment":[{"href":"https:\/\/csb.demongrafix.es\/de\/wp-json\/wp\/v2\/media?parent=4531"}],"wp:term":[{"taxonomy":"origen","embeddable":true,"href":"https:\/\/csb.demongrafix.es\/de\/wp-json\/wp\/v2\/origen?post=4531"},{"taxonomy":"variedad","embeddable":true,"href":"https:\/\/csb.demongrafix.es\/de\/wp-json\/wp\/v2\/variedad?post=4531"},{"taxonomy":"product_brand","embeddable":true,"href":"https:\/\/csb.demongrafix.es\/de\/wp-json\/wp\/v2\/product_brand?post=4531"},{"taxonomy":"product_cat","embeddable":true,"href":"https:\/\/csb.demongrafix.es\/de\/wp-json\/wp\/v2\/product_cat?post=4531"},{"taxonomy":"product_tag","embeddable":true,"href":"https:\/\/csb.demongrafix.es\/de\/wp-json\/wp\/v2\/product_tag?post=4531"}],"curies":[{"name":"wp","href":"https:\/\/api.w.org\/{rel}","templated":true}]}}