{"id":4525,"date":"2018-01-19T18:02:31","date_gmt":"2018-01-19T18:02:31","guid":{"rendered":"http:\/\/aceitecsb.com\/comprar\/unkategorisiert\/arbequina-olivenol-oro-bailen-500-ml\/"},"modified":"2026-08-03T22:54:21","modified_gmt":"2026-08-03T22:54:21","slug":"arbequina-olivenol-oro-bailen-500-ml","status":"publish","type":"product","link":"https:\/\/csb.demongrafix.es\/de\/einkaufen\/arbequina-olivenol-oro-bailen-500-ml\/","title":{"rendered":"Arbequina Oliven\u00f6l Oro Bailen 500 ml"},"content":{"rendered":"<p><a href=\"https:\/\/aceitecsb.com\/de\/natives-olivenoel-extra\/\"><strong>Natives Oliven\u00f6l extra<\/strong> <\/a>aus der Sorte Arbequina<\/p>\n<h2>1. Die Eigenschaften des Arbequina-\u00d6ls von Oro Bailen<\/h2>\n<p data-start=\"139\" data-end=\"161\">Produktinformation<\/p>\n<h4 data-start=\"163\" data-end=\"275\">a) Format<\/h4>\n<p data-start=\"163\" data-end=\"275\">Natives Oliven\u00f6l Extra, abgef\u00fcllt in einer eleganten, dunklen Glasflasche mit exklusivem Design.<\/p>\n<h4 data-start=\"277\" data-end=\"683\">b) Eines der besten Oliven\u00f6le der Welt<\/h4>\n<p data-start=\"277\" data-end=\"683\">Das <em data-start=\"326\" data-end=\"365\">Oro Bail\u00e9n Reserva Familiar Arbequina<\/em> ist eines der meistpr\u00e4mierten und renommiertesten nativen Oliven\u00f6le<strong data-start=\"380\" data-end=\"443\"> extra<\/strong> weltweit. Es wird aus gesunden, fr\u00fch geernteten Oliven gewonnen, die innerhalb von weniger als 4 Stunden nach der Ernte verarbeitet werden. So entsteht ein \u00d6l mit einem au\u00dfergew\u00f6hnlichen Geschmack und perfekt ausgewogenen Aromen.<\/p>\n<p data-start=\"685\" data-end=\"717\"><strong data-start=\"685\" data-end=\"699\">Bewertung:<\/strong> 89 \/ 100 Punkte<\/p>\n<h4 data-start=\"719\" data-end=\"816\">c) 100 % Arbequina<\/h4>\n<p data-start=\"719\" data-end=\"816\">Reines, sortenreines natives Oliven\u00f6l extra aus der <strong data-start=\"796\" data-end=\"815\">Sorte Arbequina<\/strong>.<\/p>\n<h4 data-start=\"818\" data-end=\"1076\">d) Innovation und Tradition<\/h4>\n<p data-start=\"818\" data-end=\"1076\">Die \u00d6lm\u00fchle verbindet traditionelle Verfahren mit modernster Technologie, um spektakul\u00e4re \u00d6le zu erzeugen \u2013 stets mit gr\u00f6\u00dftem Respekt f\u00fcr die Natur. Zudem tr\u00e4gt sie aktiv zur F\u00f6rderung der l\u00e4ndlichen Entwicklung bei.<\/p>\n<h4 data-start=\"1078\" data-end=\"1279\">e) Auszeichnungen<\/h4>\n<p data-start=\"1078\" data-end=\"1279\">Die nativen Oliven\u00f6le extra von Oro Bail\u00e9n geh\u00f6ren zu den international meist ausgezeichneten \u00d6len, die Jahr f\u00fcr Jahr zahlreiche nationale und weltweite Preise gewinnen.<\/p>\n<h3>2. Allgemeine Informationen<\/h3>\n<p>Zone: Spanien<\/p>\n<p>Menge: 500 ml<\/p>\n<p>Hersteller: Galg\u00f3n 99 S.L.<\/p>\n<p>Herkunft der Genossenschaft: Bailen, Ja\u00e9n<\/p>\n<h4>a) N\u00e4hrwertangaben:<\/h4>\n<p>Wert pro 100 g<\/p>\n<p>Energiewert: 3380 KJ\/823 Kcal<\/p>\n<p>Fett: 91,1 g<\/p>\n<ul>\n<li>davon ges\u00e4ttigt: 18,9 g<\/li>\n<li>Einfach unges\u00e4ttigt: 79 g<\/li>\n<li>Mehrfach unges\u00e4ttigt: 8 g<\/li>\n<\/ul>\n<p>Kohlenhydrate: 0,0 g<\/p>\n<ul>\n<li>davon Zucker: 0,0 g<\/li>\n<\/ul>\n<p>Eiwei\u00df: 0,0 g<\/p>\n<p>Salz: 0,0 g<\/p>\n<h4>b) Gesundheits-Registrierungsnummer<\/h4>\n<p>16.00149\/TO<\/p>\n<h4>c) Mehrere Informationen<\/h4>\n<p>Das natives Oliven\u00f6l extra verliert mit Licht, Temperatur und Sauerstoff an Qualit\u00e4t, deshalb m\u00fcssen wir die Flasche nach dem Kauf konsumieren und nach dem \u00d6ffnen konsumieren. Es sollte an einem k\u00fchlen Ort und au\u00dferhalb einer Lichtquelle aufbewahrt werden.<\/p>\n<p>Mehr information \u00fcber das native Oliven\u00f6l extra von Oro de Bailen, k\u00f6nnen sie hier gucken, <a href=\"https:\/\/www.orobailen.com\/de\">Oro Bailen<\/a>.<\/p>\n","protected":false},"excerpt":{"rendered":"<p>Natives Oliven\u00f6l extra der Sorte Arbequina (100 %) von Oro Bail\u00e9n Reserva Familiar, eines der meistpr\u00e4mierten \u00d6le weltweit mit 89 von 100 Punkten. Aus gesunden, fr\u00fch geernteten Oliven, innerhalb weniger Stunden verarbeitet, f\u00fcr einen au\u00dfergew\u00f6hnlichen Geschmack und perfekt ausgewogene Aromen. Abgef\u00fcllt in einer eleganten, dunklen Designflasche.<br \/>\nNettogewicht: 500 ml. Herkunft: Bail\u00e9n, Ja\u00e9n, Spanien.<\/p>\n","protected":false},"featured_media":2291,"comment_status":"open","ping_status":"closed","template":"","meta":{"_acf_changed":false},"origen":[457],"variedad":[466],"product_brand":[],"product_cat":[249],"product_tag":[],"class_list":["post-4525","product","type-product","status-publish","has-post-thumbnail","origen-jaen","variedad-arbequina","product_cat-natives-olivenol-extra","first","instock","taxable","shipping-taxable","purchasable","product-type-simple"],"acf":[],"_links":{"self":[{"href":"https:\/\/csb.demongrafix.es\/de\/wp-json\/wp\/v2\/product\/4525","targetHints":{"allow":["GET"]}}],"collection":[{"href":"https:\/\/csb.demongrafix.es\/de\/wp-json\/wp\/v2\/product"}],"about":[{"href":"https:\/\/csb.demongrafix.es\/de\/wp-json\/wp\/v2\/types\/product"}],"replies":[{"embeddable":true,"href":"https:\/\/csb.demongrafix.es\/de\/wp-json\/wp\/v2\/comments?post=4525"}],"wp:featuredmedia":[{"embeddable":true,"href":"https:\/\/csb.demongrafix.es\/de\/wp-json\/wp\/v2\/media\/2291"}],"wp:attachment":[{"href":"https:\/\/csb.demongrafix.es\/de\/wp-json\/wp\/v2\/media?parent=4525"}],"wp:term":[{"taxonomy":"origen","embeddable":true,"href":"https:\/\/csb.demongrafix.es\/de\/wp-json\/wp\/v2\/origen?post=4525"},{"taxonomy":"variedad","embeddable":true,"href":"https:\/\/csb.demongrafix.es\/de\/wp-json\/wp\/v2\/variedad?post=4525"},{"taxonomy":"product_brand","embeddable":true,"href":"https:\/\/csb.demongrafix.es\/de\/wp-json\/wp\/v2\/product_brand?post=4525"},{"taxonomy":"product_cat","embeddable":true,"href":"https:\/\/csb.demongrafix.es\/de\/wp-json\/wp\/v2\/product_cat?post=4525"},{"taxonomy":"product_tag","embeddable":true,"href":"https:\/\/csb.demongrafix.es\/de\/wp-json\/wp\/v2\/product_tag?post=4525"}],"curies":[{"name":"wp","href":"https:\/\/api.w.org\/{rel}","templated":true}]}}