{"id":4519,"date":"2018-01-19T18:55:07","date_gmt":"2018-01-19T18:55:07","guid":{"rendered":"http:\/\/aceitecsb.com\/comprar\/unkategorisiert\/arbequina-olivenol-torre-de-porcuna-5-l\/"},"modified":"2026-08-03T22:54:20","modified_gmt":"2026-08-03T22:54:20","slug":"arbequina-olivenol-torre-de-porcuna-5-l","status":"publish","type":"product","link":"https:\/\/csb.demongrafix.es\/de\/einkaufen\/arbequina-olivenol-torre-de-porcuna-5-l\/","title":{"rendered":"Arbequina Oliven\u00f6l Torre de Porcuna 5 l"},"content":{"rendered":"<p>Natives Oliven\u00f6l extra aus der Sorte Arbequina<\/p>\n<h2>1. Die Eigenschaften des Arbequina-\u00d6ls von Torre de Porcuna<\/h2>\n<p><a href=\"https:\/\/aceitecsb.com\/de\/natives-olivenoel-extra\/\"><strong>Natives Oliven\u00f6l extra<\/strong><\/a> in der Dose abgef\u00fcllt<\/p>\n<h4>a) Aroma<\/h4>\n<p>Torre de Porcuna Extra Vergine Oliven\u00f6l der Sorte Arbequina ist ein weiches, ausgewogenes und sehr fruchtiges \u00d6l. Im Mund zeichnet er sich durch seine gro\u00dfe Intensit\u00e4t mit ausgepr\u00e4gten Noten von Oliven, gr\u00fcnem Gras, Apfel und Artischocke aus. In der Nase Aromen von gr\u00fcnem Gras, Tomatenbl\u00e4ttern, Mandeln und Bananenschalen.<\/p>\n<h4>b) Empfehlungen:<\/h4>\n<p>San Benito extra natives Oliven\u00f6l der Sorte Arbequina ist ideal f\u00fcr die Verwendung in rohen Salaten, Dressings und Saucen, die einen fruchtigen Geschmack geben wollen. Es wird h\u00e4ufig f\u00fcr die Herstellung von S\u00fc\u00dfigkeiten und Mayonnaisen verwendet.<\/p>\n<h3>2. Allgemeine Informationen<\/h3>\n<p>Zone: Spanien<\/p>\n<p>Menge: 5 l<\/p>\n<p>Hersteller: Olior Porcuna S. L.<\/p>\n<p>Herkunft der Genossenschaft: Porcuna, Ja\u00e9n<\/p>\n<h4>a) N\u00e4hrwertangaben:<\/h4>\n<p>Wert pro 100 g<\/p>\n<p>Energiewert: 3700 KJ\/900 Kcal<\/p>\n<p>Fett: 100 g<\/p>\n<ul>\n<li>davon ges\u00e4ttigt: 15 g<\/li>\n<li>Einfach unges\u00e4ttigt: 79 g<\/li>\n<li>Mehrfach unges\u00e4ttigt: 6 g<\/li>\n<\/ul>\n<p>Kohlenhydrate: 0,0 g<\/p>\n<ul>\n<li>davon Zucker: 0,0 g<\/li>\n<\/ul>\n<p>Eiwei\u00df: 0,0 g<\/p>\n<p>Salz: 0,0 g<\/p>\n<h4>b) Mehrere Informationen<\/h4>\n<p>Das natives Oliven\u00f6l extra verliert mit Licht, Temperatur und Sauerstoff an Qualit\u00e4t, deshalb m\u00fcssen wir die Flasche nach dem Kauf konsumieren und nach dem \u00d6ffnen konsumieren. Es sollte an einem k\u00fchlen Ort und au\u00dferhalb einer Lichtquelle aufbewahrt werden.<\/p>\n<p>Diese Informati\u00f3m kommt von\u00a0<a href=\"https:\/\/www.oliveoiltimes.com\/es\/\">Olive Oil Times<\/a><\/p>\n","protected":false},"excerpt":{"rendered":"<p>Natives Oliven\u00f6l extra der Sorte Arbequina von Torre de Porcuna, weich, ausgewogen und sehr fruchtig. Am Gaumen intensiv, mit Noten von Oliven, gr\u00fcnem Gras, Apfel und Artischocke, in der Nase Aromen von Tomatenbl\u00e4ttern, Mandel und Banane. Ideal f\u00fcr Salate, Dressings und Saucen sowie feine S\u00fc\u00dfspeisen und Mayonnaise. Abgef\u00fcllt in der Dose.<br \/>\nNettogewicht: 5 l. Herkunft: Porcuna, Ja\u00e9n, Spanien.<\/p>\n","protected":false},"featured_media":2326,"comment_status":"open","ping_status":"closed","template":"","meta":{"_acf_changed":false},"origen":[],"variedad":[],"product_brand":[],"product_cat":[252,265,249,338],"product_tag":[],"class_list":["post-4519","product","type-product","status-publish","has-post-thumbnail","product_cat-arbequina-de","product_cat-jaen-de","product_cat-natives-olivenol-extra","product_cat-sorten","first","outofstock","taxable","shipping-taxable","purchasable","product-type-simple"],"acf":[],"_links":{"self":[{"href":"https:\/\/csb.demongrafix.es\/de\/wp-json\/wp\/v2\/product\/4519","targetHints":{"allow":["GET"]}}],"collection":[{"href":"https:\/\/csb.demongrafix.es\/de\/wp-json\/wp\/v2\/product"}],"about":[{"href":"https:\/\/csb.demongrafix.es\/de\/wp-json\/wp\/v2\/types\/product"}],"replies":[{"embeddable":true,"href":"https:\/\/csb.demongrafix.es\/de\/wp-json\/wp\/v2\/comments?post=4519"}],"wp:featuredmedia":[{"embeddable":true,"href":"https:\/\/csb.demongrafix.es\/de\/wp-json\/wp\/v2\/media\/2326"}],"wp:attachment":[{"href":"https:\/\/csb.demongrafix.es\/de\/wp-json\/wp\/v2\/media?parent=4519"}],"wp:term":[{"taxonomy":"origen","embeddable":true,"href":"https:\/\/csb.demongrafix.es\/de\/wp-json\/wp\/v2\/origen?post=4519"},{"taxonomy":"variedad","embeddable":true,"href":"https:\/\/csb.demongrafix.es\/de\/wp-json\/wp\/v2\/variedad?post=4519"},{"taxonomy":"product_brand","embeddable":true,"href":"https:\/\/csb.demongrafix.es\/de\/wp-json\/wp\/v2\/product_brand?post=4519"},{"taxonomy":"product_cat","embeddable":true,"href":"https:\/\/csb.demongrafix.es\/de\/wp-json\/wp\/v2\/product_cat?post=4519"},{"taxonomy":"product_tag","embeddable":true,"href":"https:\/\/csb.demongrafix.es\/de\/wp-json\/wp\/v2\/product_tag?post=4519"}],"curies":[{"name":"wp","href":"https:\/\/api.w.org\/{rel}","templated":true}]}}