{"id":4497,"date":"2018-01-21T12:23:42","date_gmt":"2018-01-21T12:23:42","guid":{"rendered":"http:\/\/aceitecsb.com\/comprar\/unkategorisiert\/olivenol-umbrion-arbequina-500-ml\/"},"modified":"2026-08-03T22:55:54","modified_gmt":"2026-08-03T22:55:54","slug":"olivenol-umbrion-arbequina-500-ml","status":"publish","type":"product","link":"https:\/\/csb.demongrafix.es\/de\/einkaufen\/olivenol-umbrion-arbequina-500-ml\/","title":{"rendered":"Oliven\u00f6l Umbri\u00f3n Arbequina 500 ml"},"content":{"rendered":"<p>Natives Oliven\u00f6l extra aus der Sorte Arbequina<\/p>\n<h3 data-start=\"145\" data-end=\"200\">1. Eigenschaften des Umbri\u00f3n Arbequina Oliven\u00f6ls<\/h3>\n<p data-start=\"202\" data-end=\"350\">Abgef\u00fcllt in einer eleganten, dunklen <em data-start=\"266\" data-end=\"274\">D\u00f3rica<\/em>-Flasche mit Metallverschluss \u2013 perfekt, um Aroma und Frische zu bewahren.<\/p>\n<h4 data-start=\"352\" data-end=\"683\">a) Exquisites natives Oliven\u00f6l extra<\/h4>\n<p data-start=\"352\" data-end=\"683\">Das <em data-start=\"399\" data-end=\"418\">Umbri\u00f3n Arbequina<\/em> besticht durch seine Sanftheit: nur wenig Sch\u00e4rfe und Bitterkeit. Beim Verkosten entfaltet es ein intensives, fruchtiges Aroma mit Noten von frisch geschnittenem Gras, Apfel, Kiwi und Zitrone, erg\u00e4nzt durch dezente Ankl\u00e4nge von Rosmarin, N\u00fcssen und Artischocken.<\/p>\n<h4 data-start=\"685\" data-end=\"806\">b) 100 % Arbequina<\/h4>\n<p data-start=\"685\" data-end=\"806\">Dieses \u00d6l stammt ausschlie\u00dflich aus handverlesenen <em data-start=\"761\" data-end=\"772\">Arbequina<\/em>-Oliven \u2013 rein und unverf\u00e4lscht.<\/p>\n<h4 data-start=\"808\" data-end=\"1060\">c) Empfehlungen f\u00fcr die K\u00fcche<\/h4>\n<p data-start=\"808\" data-end=\"1060\">Ideal zum Verfeinern von Salaten, wei\u00dfen Fischgerichten oder ged\u00fcnstetem Gem\u00fcse. Auch hervorragend geeignet f\u00fcr die Herstellung von feinen Mayonnaisen und Backwaren \u2013 ein sanfter, eleganter Geschmack f\u00fcr jeden Tag.<\/p>\n<h4 data-start=\"1062\" data-end=\"1259\">d) Engagement f\u00fcr Umwelt und l\u00e4ndliche Entwicklung<\/h4>\n<p data-start=\"1062\" data-end=\"1259\">Die Umbri\u00f3n-Kooperative legt gro\u00dfen Wert auf Nachhaltigkeit und tr\u00e4gt aktiv zum Umweltschutz sowie zur F\u00f6rderung des l\u00e4ndlichen Raums bei.<\/p>\n<h3>2. Allgemeine Informationen<\/h3>\n<p>Zone: Spanien<\/p>\n<p>Menge: 500 ml<\/p>\n<p>Hersteller: Cooperativa de San Sebasti\u00e1n<\/p>\n<p>Herkunft der Genossenschaft: Madridejos, Toledo<\/p>\n<h4>a) N\u00e4hrwertangaben:<\/h4>\n<p>Wert pro 100 g<\/p>\n<p>Energiewert: 3700 KJ\/900 Kcal<\/p>\n<p>Fett: 100 g<\/p>\n<ul>\n<li>davon ges\u00e4ttigt: 13 g<\/li>\n<li>Einfach unges\u00e4ttigt: 79 g<\/li>\n<li>Mehrfach unges\u00e4ttigt: 8 g<\/li>\n<\/ul>\n<p>Kohlenhydrate: 0,0 g<\/p>\n<ul>\n<li>davon Zucker: 0,0 g<\/li>\n<\/ul>\n<p>Eiwei\u00df: 0,0 g<\/p>\n<p>Salz: 0,0 g<\/p>\n<h4>b) Gesundheits-Registrierungsnummer<\/h4>\n<p>16.00149\/TO<\/p>\n<h3>3. Mehrere Informationen<\/h3>\n<p>Das natives Oliven\u00f6l extra verliert mit Licht, Temperatur und Sauerstoff an Qualit\u00e4t, deshalb m\u00fcssen wir die Flasche nach dem Kauf konsumieren und nach dem \u00d6ffnen konsumieren. Es sollte an einem k\u00fchlen Ort und au\u00dferhalb einer Lichtquelle aufbewahrt werden.<\/p>\n","protected":false},"excerpt":{"rendered":"<p>Natives Oliven\u00f6l extra aus 100 % handverlesenen Arbequina-Oliven, sanft mit nur wenig Sch\u00e4rfe und Bitterkeit. Es entfaltet ein intensives, fruchtiges Aroma mit Noten von frisch geschnittenem Gras, Apfel, Kiwi und Zitrone, erg\u00e4nzt durch dezente Ankl\u00e4nge von Rosmarin und N\u00fcssen. Ideal f\u00fcr Salate, Fisch, ged\u00fcnstetes Gem\u00fcse und feine Mayonnaisen.<br \/>\nNettogewicht: 500 ml. Herkunft: Madridejos, Toledo, Spanien.<\/p>\n","protected":false},"featured_media":2502,"comment_status":"open","ping_status":"closed","template":"","meta":{"_acf_changed":false},"origen":[494],"variedad":[466],"product_brand":[],"product_cat":[249],"product_tag":[],"class_list":["post-4497","product","type-product","status-publish","has-post-thumbnail","origen-toledo","variedad-arbequina","product_cat-natives-olivenol-extra","first","instock","taxable","shipping-taxable","purchasable","product-type-simple"],"acf":[],"_links":{"self":[{"href":"https:\/\/csb.demongrafix.es\/de\/wp-json\/wp\/v2\/product\/4497","targetHints":{"allow":["GET"]}}],"collection":[{"href":"https:\/\/csb.demongrafix.es\/de\/wp-json\/wp\/v2\/product"}],"about":[{"href":"https:\/\/csb.demongrafix.es\/de\/wp-json\/wp\/v2\/types\/product"}],"replies":[{"embeddable":true,"href":"https:\/\/csb.demongrafix.es\/de\/wp-json\/wp\/v2\/comments?post=4497"}],"wp:featuredmedia":[{"embeddable":true,"href":"https:\/\/csb.demongrafix.es\/de\/wp-json\/wp\/v2\/media\/2502"}],"wp:attachment":[{"href":"https:\/\/csb.demongrafix.es\/de\/wp-json\/wp\/v2\/media?parent=4497"}],"wp:term":[{"taxonomy":"origen","embeddable":true,"href":"https:\/\/csb.demongrafix.es\/de\/wp-json\/wp\/v2\/origen?post=4497"},{"taxonomy":"variedad","embeddable":true,"href":"https:\/\/csb.demongrafix.es\/de\/wp-json\/wp\/v2\/variedad?post=4497"},{"taxonomy":"product_brand","embeddable":true,"href":"https:\/\/csb.demongrafix.es\/de\/wp-json\/wp\/v2\/product_brand?post=4497"},{"taxonomy":"product_cat","embeddable":true,"href":"https:\/\/csb.demongrafix.es\/de\/wp-json\/wp\/v2\/product_cat?post=4497"},{"taxonomy":"product_tag","embeddable":true,"href":"https:\/\/csb.demongrafix.es\/de\/wp-json\/wp\/v2\/product_tag?post=4497"}],"curies":[{"name":"wp","href":"https:\/\/api.w.org\/{rel}","templated":true}]}}