{"id":26505,"date":"2019-08-30T11:45:26","date_gmt":"2019-08-30T11:45:26","guid":{"rendered":"https:\/\/aceitecsb.com\/comprar\/olive-oil-oro-de-bailen-frantoio-500-ml\/"},"modified":"2026-08-03T22:27:41","modified_gmt":"2026-08-03T22:27:41","slug":"olivenol-oro-de-bailen-frantoio-500-ml","status":"publish","type":"product","link":"https:\/\/csb.demongrafix.es\/de\/einkaufen\/olivenol-oro-de-bailen-frantoio-500-ml\/","title":{"rendered":"Oliven\u00f6l Oro de Bailen Frantoio 500 ml"},"content":{"rendered":"<p>Natives Oliven\u00f6l extra aus der Frantoio-Variante von Oro Bailen<\/p>\n<h3><strong>1. Merkmale des Oliven\u00f6l der Fratoio-Oliven\u00a0<\/strong><\/h3>\n<p data-start=\"159\" data-end=\"188\">Produktinformation<\/p>\n<h4 data-start=\"190\" data-end=\"206\">a) Format<\/h4>\n<p data-start=\"207\" data-end=\"331\">Natives Oliven\u00f6l Extra \u2013 abgef\u00fcllt in einer eleganten, dunklen Design-Glasflasche mit rosafarbenem Verschluss.<\/p>\n<h4 data-start=\"333\" data-end=\"359\">b) H\u00f6chste Qualit\u00e4t<\/h4>\n<p data-start=\"360\" data-end=\"613\">Das Oro Bail\u00e9n Reserva Familiar Natives Oliven\u00f6l Extra steht f\u00fcr absolute Spitzenqualit\u00e4t. Es wird aus unversehrten Oliven gewonnen, die zum optimalen Reifezeitpunkt geerntet werden \u2013 f\u00fcr ein au\u00dfergew\u00f6hnlich reines und ausgewogenes \u00d6l.<\/p>\n<h4 data-start=\"615\" data-end=\"637\">c) Empfehlungen<\/h4>\n<p data-start=\"638\" data-end=\"926\">Das Oro Bail\u00e9n Frantoio Oliven\u00f6l ist ideal f\u00fcr die Verwendung in kalten Gerichten, wie Salaten, Dressings und Saucen, wo man einen fruchtigen und leicht s\u00fc\u00dfen Akzent setzen m\u00f6chte.<\/p>\n<p data-start=\"638\" data-end=\"926\">Es harmoniert zudem hervorragend mit ged\u00fcnstetem Gem\u00fcse und milden Wei\u00dffischen.<\/p>\n<h4 data-start=\"928\" data-end=\"952\">d) Auszeichnungen<\/h4>\n<p data-start=\"953\" data-end=\"1256\">Die Oro Bail\u00e9n Oliven\u00f6le geh\u00f6ren zu den renommiertesten der Welt und gewinnen Jahr f\u00fcr Jahr nationale und internationale Preise f\u00fcr ihre au\u00dfergew\u00f6hnliche Qualit\u00e4t.<\/p>\n<p data-start=\"953\" data-end=\"1256\">Diese Frantoio-Edition ist neu auf dem Markt \u2013 doch sie wird sicher bald ihre eigene Sammlung an Auszeichnungen tragen.<\/p>\n<h4 data-start=\"1258\" data-end=\"1290\">e) Nachhaltige Produktion<\/h4>\n<p data-start=\"1291\" data-end=\"1563\">Die \u00d6lm\u00fchle Oro Bail\u00e9n setzt auf modernste Produktionstechniken und vollst\u00e4ndig nachhaltige Verfahren, um das beste \u00d6l im Einklang mit der Natur zu erzeugen.<\/p>\n<p data-start=\"1291\" data-end=\"1563\">Zwei Grundpfeiler leiten ihre Arbeit: h\u00f6chste Qualit\u00e4t und Respekt f\u00fcr die Umwelt.<\/p>\n<h3>2. Allgemeine Informationen:<\/h3>\n<p>Zone: Spanien<\/p>\n<p>Menge: 500 ml<\/p>\n<p>Produzierende Firma: Galg\u00f3n 99 S.L.<\/p>\n<p>Herkunft der Genossenschaft: Bailen, Ja\u00e9n<\/p>\n<h4>a) N\u00e4hrwertangaben:<\/h4>\n<p>Wert pro 100 g<\/p>\n<p>Energiewert: 3380 KJ\/823 Kcal<\/p>\n<p>Fett: 91,1 g<\/p>\n<ul>\n<li>davon ges\u00e4ttigt: 18,9 g<\/li>\n<li>Einfach unges\u00e4ttigt: 79 g<\/li>\n<li>Mehrfach unges\u00e4ttigt: 8 g<\/li>\n<\/ul>\n<p>Kohlenhydrate: 0,0 g<\/p>\n<ul>\n<li>davon Zucker: 0,0 g<\/li>\n<\/ul>\n<p>Proteine: 0,0 g<\/p>\n<p>Salz: 0,0 g<\/p>\n<h4>b) Gesundheitsregistrierungsnummer<\/h4>\n<p>16.00149\/TO<\/p>\n<h3>3. Zus\u00e4tzliche Informationen<\/h3>\n<p>Das Frantoio-\u00d6l von Oro Bailen verliert durch das Licht, die Temperatur und den Sauerstoff an Qualit\u00e4t, weshalb wir die Flasche nach dem Kauf konsumieren m\u00fcssen und sie nach dem \u00d6ffnen konsumieren. Es sollte an einem k\u00fchlen Ort und au\u00dferhalb einer Gl\u00fchbirne aufbewahrt werden.<\/p>\n<p>Weitere Informationen \u00fcber Oro Bailen natives Oliven\u00f6l extra finden Sie unter folgendem Link, Oro Bailen<\/p>\n","protected":false},"excerpt":{"rendered":"<p>Natives Oliven\u00f6l extra aus der Sorte Frantoio von Oro Bail\u00e9n, gewonnen aus unversehrten, zum optimalen Reifezeitpunkt geernteten Oliven. Ein au\u00dfergew\u00f6hnlich reines und ausgewogenes \u00d6l mit fruchtigem, leicht s\u00fc\u00dfem Akzent. Ideal f\u00fcr kalte Gerichte wie Salate, Dressings und Saucen sowie zu ged\u00fcnstetem Gem\u00fcse und mildem Wei\u00dffisch. Abgef\u00fcllt in einer eleganten dunklen Design-Glasflasche.<br \/>\nNettogewicht: 500 ml. Herkunft: Ja\u00e9n, Spanien.<\/p>\n","protected":false},"featured_media":26501,"comment_status":"open","ping_status":"closed","template":"","meta":{"_acf_changed":false},"origen":[457],"variedad":[489],"product_brand":[],"product_cat":[249],"product_tag":[],"class_list":["post-26505","product","type-product","status-publish","has-post-thumbnail","origen-jaen","variedad-frantoio","product_cat-natives-olivenol-extra","first","instock","taxable","shipping-taxable","purchasable","product-type-simple"],"acf":[],"_links":{"self":[{"href":"https:\/\/csb.demongrafix.es\/de\/wp-json\/wp\/v2\/product\/26505","targetHints":{"allow":["GET"]}}],"collection":[{"href":"https:\/\/csb.demongrafix.es\/de\/wp-json\/wp\/v2\/product"}],"about":[{"href":"https:\/\/csb.demongrafix.es\/de\/wp-json\/wp\/v2\/types\/product"}],"replies":[{"embeddable":true,"href":"https:\/\/csb.demongrafix.es\/de\/wp-json\/wp\/v2\/comments?post=26505"}],"wp:featuredmedia":[{"embeddable":true,"href":"https:\/\/csb.demongrafix.es\/de\/wp-json\/wp\/v2\/media\/26501"}],"wp:attachment":[{"href":"https:\/\/csb.demongrafix.es\/de\/wp-json\/wp\/v2\/media?parent=26505"}],"wp:term":[{"taxonomy":"origen","embeddable":true,"href":"https:\/\/csb.demongrafix.es\/de\/wp-json\/wp\/v2\/origen?post=26505"},{"taxonomy":"variedad","embeddable":true,"href":"https:\/\/csb.demongrafix.es\/de\/wp-json\/wp\/v2\/variedad?post=26505"},{"taxonomy":"product_brand","embeddable":true,"href":"https:\/\/csb.demongrafix.es\/de\/wp-json\/wp\/v2\/product_brand?post=26505"},{"taxonomy":"product_cat","embeddable":true,"href":"https:\/\/csb.demongrafix.es\/de\/wp-json\/wp\/v2\/product_cat?post=26505"},{"taxonomy":"product_tag","embeddable":true,"href":"https:\/\/csb.demongrafix.es\/de\/wp-json\/wp\/v2\/product_tag?post=26505"}],"curies":[{"name":"wp","href":"https:\/\/api.w.org\/{rel}","templated":true}]}}