{"id":18192,"date":"2018-09-11T15:39:18","date_gmt":"2018-09-11T15:39:18","guid":{"rendered":"https:\/\/aceitecsb.com\/comprar\/cobrancosa-martin-prado-500-ml\/"},"modified":"2026-08-03T22:39:05","modified_gmt":"2026-08-03T22:39:05","slug":"cobrancosa-martin-prado-500-ml","status":"publish","type":"product","link":"https:\/\/csb.demongrafix.es\/de\/einkaufen\/cobrancosa-martin-prado-500-ml\/","title":{"rendered":"Cobran\u00e7osa Martin Prado 500 ml"},"content":{"rendered":"<p>Natives Oliven\u00f6l extra cobran\u00e7osa<\/p>\n<h3 data-start=\"67\" data-end=\"132\">1. Eigenschaften des Cobran\u00e7osa-Oliven\u00f6ls von Mart\u00edn de Prado<\/h3>\n<p data-start=\"134\" data-end=\"155\">Produktinformationen:<\/p>\n<h4 data-start=\"157\" data-end=\"174\">a) Verpackung<\/h4>\n<p data-start=\"176\" data-end=\"266\">Natives Oliven\u00f6l extra, abgef\u00fcllt in einer dunklen dorischen Flasche mit Metallverschluss.<\/p>\n<h4 data-start=\"268\" data-end=\"313\">b) Ausgezeichnetes Natives Oliven\u00f6l Extra<\/h4>\n<p data-start=\"315\" data-end=\"360\"><a href=\"https:\/\/aceitecsb.com\/de\/natives-olivenoel-extra\/\"><strong>Natives Oliven\u00f6l extra<\/strong><\/a> von h\u00f6chster Qualit\u00e4t.<\/p>\n<h4 data-start=\"362\" data-end=\"374\">c) Aroma<\/h4>\n<p data-start=\"376\" data-end=\"559\">Das native Oliven\u00f6l extra der Sorte Cobran\u00e7osa von Mart\u00edn de Prado ist harmonisch und ausgewogen. Es besticht durch sein Aroma und seinen Geschmack nach Artischocke und gr\u00fcnem Tomate.<\/p>\n<h4 data-start=\"561\" data-end=\"613\">d) <strong data-start=\"564\" data-end=\"613\">Portugiesische Sorte, angebaut in Extremadura<\/strong><\/h4>\n<p data-start=\"615\" data-end=\"758\">Das native Oliven\u00f6l extra \u201ePrimicia\u201c von Mart\u00edn de Prado stammt aus einer in Portugal heimischen Olivensorte, die in Extremadura angebaut wird.<\/p>\n<h4 data-start=\"760\" data-end=\"801\">e) <strong data-start=\"763\" data-end=\"801\">Engagement f\u00fcr Umwelt und Qualit\u00e4t<\/strong><\/h4>\n<p data-start=\"803\" data-end=\"875\">Eine \u00d6lm\u00fchle, die sich f\u00fcr Nachhaltigkeit und h\u00f6chste Qualit\u00e4t einsetzt.<\/p>\n<h3>3.\u00a0Allgemeine Informationen:<\/h3>\n<p>Zone: Spanien<\/p>\n<p>Menge: 500 ml<\/p>\n<p>Produzierende Firma: Martin Prado<\/p>\n<p>Ursprung der Genossenschaft: Trujillo, Extremadura<\/p>\n<h4>a) N\u00e4hrwertangaben:<\/h4>\n<p>Wert pro 100 g<\/p>\n<p>Energiewert: 3385 KJ\/823,5 Kcal<\/p>\n<p>Fett: 91,5 g<\/p>\n<ul>\n<li>davon ges\u00e4ttigt: 15,9 g<\/li>\n<li>Einfach unges\u00e4ttigt: 69,6 g<\/li>\n<li>Mehrfach unges\u00e4ttigt: 6,0 g<\/li>\n<\/ul>\n<p>Kohlenhydrate: 0,0 g<\/p>\n<ul>\n<li>davon Zucker: 0,0 g<\/li>\n<\/ul>\n<p>Proteine: 0,0 g<\/p>\n<p>Salz: 0,0 g<\/p>\n<p>Nahrungsfaser: 0,0 g<\/p>\n<h4>b) Gesundheitsregistrierungsnummer<\/h4>\n<p>16.004528\/CC<\/p>\n<h3>3. Zus\u00e4tzliche Informationen<\/h3>\n<p>Das native Oliven\u00f6l extra verliert seine Eigenschaften durch Licht, Temperatur und Sauerstoff, daher m\u00fcssen wir die Flasche nach dem Kauf konsumieren und sie nach dem \u00d6ffnen konsumieren. An einem k\u00fchlen, lichtgesch\u00fctzten Ort aufbewahren.<\/p>\n","protected":false},"excerpt":{"rendered":"<p>Natives Oliven\u00f6l extra aus der portugiesischen Sorte Cobran\u00e7osa, angebaut in der Extremadura von Mart\u00edn de Prado. Harmonisch und ausgewogen besticht es durch sein feines Aroma und seinen Geschmack nach Artischocke und gr\u00fcner Tomate. Aus einer \u00d6lm\u00fchle, die sich Nachhaltigkeit und h\u00f6chster Qualit\u00e4t verschrieben hat, abgef\u00fcllt in einer dunklen Doric-Flasche mit Metallverschluss.<br \/>\nNettogewicht: 500 ml. Herkunft: Trujillo, Extremadura (Spanien).<\/p>\n","protected":false},"featured_media":18188,"comment_status":"open","ping_status":"closed","template":"","meta":{"_acf_changed":false},"origen":[490],"variedad":[491],"product_brand":[],"product_cat":[249],"product_tag":[],"class_list":["post-18192","product","type-product","status-publish","has-post-thumbnail","origen-extremadura","variedad-cobrancosa","product_cat-natives-olivenol-extra","first","instock","taxable","shipping-taxable","purchasable","product-type-simple"],"acf":[],"_links":{"self":[{"href":"https:\/\/csb.demongrafix.es\/de\/wp-json\/wp\/v2\/product\/18192","targetHints":{"allow":["GET"]}}],"collection":[{"href":"https:\/\/csb.demongrafix.es\/de\/wp-json\/wp\/v2\/product"}],"about":[{"href":"https:\/\/csb.demongrafix.es\/de\/wp-json\/wp\/v2\/types\/product"}],"replies":[{"embeddable":true,"href":"https:\/\/csb.demongrafix.es\/de\/wp-json\/wp\/v2\/comments?post=18192"}],"wp:featuredmedia":[{"embeddable":true,"href":"https:\/\/csb.demongrafix.es\/de\/wp-json\/wp\/v2\/media\/18188"}],"wp:attachment":[{"href":"https:\/\/csb.demongrafix.es\/de\/wp-json\/wp\/v2\/media?parent=18192"}],"wp:term":[{"taxonomy":"origen","embeddable":true,"href":"https:\/\/csb.demongrafix.es\/de\/wp-json\/wp\/v2\/origen?post=18192"},{"taxonomy":"variedad","embeddable":true,"href":"https:\/\/csb.demongrafix.es\/de\/wp-json\/wp\/v2\/variedad?post=18192"},{"taxonomy":"product_brand","embeddable":true,"href":"https:\/\/csb.demongrafix.es\/de\/wp-json\/wp\/v2\/product_brand?post=18192"},{"taxonomy":"product_cat","embeddable":true,"href":"https:\/\/csb.demongrafix.es\/de\/wp-json\/wp\/v2\/product_cat?post=18192"},{"taxonomy":"product_tag","embeddable":true,"href":"https:\/\/csb.demongrafix.es\/de\/wp-json\/wp\/v2\/product_tag?post=18192"}],"curies":[{"name":"wp","href":"https:\/\/api.w.org\/{rel}","templated":true}]}}